{"version":"1.0","provider_name":"Edufrance","provider_url":"https:\/\/edufrance.education\/en","author_name":"admin","author_url":"https:\/\/edufrance.education\/en\/author\/admin\/","title":"L\u2019importance de la rentr\u00e9e d\u00e9cal\u00e9e ! - Edufrance","type":"rich","width":600,"height":338,"html":"<blockquote class=\"wp-embedded-content\" data-secret=\"ZbhwR0Zu38\"><a href=\"https:\/\/edufrance.education\/en\/limportance-de-la-rentree-decalee\/\">L\u2019importance de la rentr\u00e9e d\u00e9cal\u00e9e !<\/a><\/blockquote><iframe sandbox=\"allow-scripts\" security=\"restricted\" src=\"https:\/\/edufrance.education\/en\/limportance-de-la-rentree-decalee\/embed\/#?secret=ZbhwR0Zu38\" width=\"600\" height=\"338\" title=\"&#8220;L\u2019importance de la rentr\u00e9e d\u00e9cal\u00e9e !&#8221; &#8212; Edufrance\" data-secret=\"ZbhwR0Zu38\" frameborder=\"0\" marginwidth=\"0\" marginheight=\"0\" scrolling=\"no\" class=\"wp-embedded-content\"><\/iframe><script type=\"text\/javascript\">\n\/* <![CDATA[ *\/\n\/*! This file is auto-generated *\/\n!function(d,l){\"use strict\";l.querySelector&&d.addEventListener&&\"undefined\"!=typeof URL&&(d.wp=d.wp||{},d.wp.receiveEmbedMessage||(d.wp.receiveEmbedMessage=function(e){var t=e.data;if((t||t.secret||t.message||t.value)&&!\/[^a-zA-Z0-9]\/.test(t.secret)){for(var s,r,n,a=l.querySelectorAll('iframe[data-secret=\"'+t.secret+'\"]'),o=l.querySelectorAll('blockquote[data-secret=\"'+t.secret+'\"]'),c=new RegExp(\"^https?:$\",\"i\"),i=0;i<o.length;i++)o[i].style.display=\"none\";for(i=0;i<a.length;i++)s=a[i],e.source===s.contentWindow&&(s.removeAttribute(\"style\"),\"height\"===t.message?(1e3<(r=parseInt(t.value,10))?r=1e3:~~r<200&&(r=200),s.height=r):\"link\"===t.message&&(r=new URL(s.getAttribute(\"src\")),n=new URL(t.value),c.test(n.protocol))&&n.host===r.host&&l.activeElement===s&&(d.top.location.href=t.value))}},d.addEventListener(\"message\",d.wp.receiveEmbedMessage,!1),l.addEventListener(\"DOMContentLoaded\",function(){for(var e,t,s=l.querySelectorAll(\"iframe.wp-embedded-content\"),r=0;r<s.length;r++)(t=(e=s[r]).getAttribute(\"data-secret\"))||(t=Math.random().toString(36).substring(2,12),e.src+=\"#?secret=\"+t,e.setAttribute(\"data-secret\",t)),e.contentWindow.postMessage({message:\"ready\",secret:t},\"*\")},!1)))}(window,document);\n\/\/# sourceURL=https:\/\/edufrance.education\/wp-includes\/js\/wp-embed.min.js\n\/* ]]> *\/\n<\/script>","thumbnail_url":"https:\/\/edufrance.education\/wp-content\/uploads\/2025\/05\/javier-trueba-scaled.webp","thumbnail_width":1920,"thumbnail_height":1280,"description":"L\u2019importance de la rentr\u00e9e d\u00e9cal\u00e9e ! L\u2019importance de la rentr\u00e9e d\u00e9cal\u00e9e ! Si vous avez rat\u00e9 la rentr\u00e9e classique ou si vous avez constat\u00e9 que vous n\u2019\u00eates plus stimul\u00e9, \u00e9panoui dans vos cours et que votre formation ne vous satisfait plus alors vous devez sans doutes saisir l\u2019opportunit\u00e9 de se r\u00e9orienter en rentr\u00e9e d\u00e9cal\u00e9e ! [&hellip;]"}